{"id":16,"date":"2023-04-27T10:27:28","date_gmt":"2023-04-27T10:27:28","guid":{"rendered":"https:\/\/www.torrestir.com\/madeira\/?page_id=16"},"modified":"2023-04-27T10:27:28","modified_gmt":"2023-04-27T10:27:28","slug":"sobre-nos","status":"publish","type":"page","link":"https:\/\/www.torrestir.com\/acores\/sobre-nos\/","title":{"rendered":"Sobre N\u00f3s"},"content":{"rendered":"<section class=\"wpb-content-wrapper\"><p>[vc_row][vc_column][vc_single_image image=&#8221;1676&#8243; img_size=&#8221;full&#8221;][vc_column_text]&lt;h2&gt;Desde 1962, rumo a novos desafios!&lt;\/h2&gt;<br \/>\nFundada em 1962, a Torrestir sofreu diversas reestrutura\u00e7\u00f5es para uma constante adequa\u00e7\u00e3o \u00e0s exig\u00eancias do mercado, operando, hoje, em todo o mundo.<\/p>\n<p>Com os olhos postos no futuro, e nunca esquecendo a experi\u00eancia do passado, Fernando Torres deu continuidade ao legado da fam\u00edlia, transformando a empresa Torres &amp;amp; Companhia, fundada pelo seu pai, numa empresa sem fronteiras e sem limites.<\/p>\n<p>Atrav\u00e9s de recursos humanos especializados, a Torrestir tem vindo a consolidar a sua lideran\u00e7a no mercado nacional, promovendo um futuro em constante inova\u00e7\u00e3o.<\/p>\n<p>&amp;nbsp;<br \/>\n&lt;h2&gt;Conhe\u00e7a o nosso percurso&lt;\/h2&gt;<br \/>\n\t\t\t<section id=\"cd-timeline\" class=\"cd-container timeline-express\">\n\n\t\t\t\n<div class=\"cd-timeline-block mar\u00e7o 12 1962 announcement-1665\">\n\n\t\n\t\t<div class=\"cd-timeline-img cd-picture icon-no-readmore\" style=\"background:#003e2d;\">\n\n\t\t\t<!-- Custom Action Hook -->\n\t\t\t\n\t\t\t\t<!-- Standard Font Awesome Icon -->\n\t\t\t\t<span class=\"fa fa-truck\" title=\"1962: FUNDA\u00c7\u00c3O DO GRUPO TORRESTIR\"><\/span>\n\n\t\t\t\n\t\t<\/div> <!-- cd-timeline-img -->\n\n\t\n\t<!-- Timeline Content -->\n\t<div class=\"cd-timeline-content\">\n\n\t\t\n\t\t<!-- Announcement Title -->\n\t\t<div class=\"cd-timeline-title-container\">\n\n\t\t\t\n\t\t\t<h2 class=\"cd-timeline-item-title\">\n\t\t\t\t1962: FUNDA\u00c7\u00c3O DO GRUPO TORRESTIR\t\t\t<\/h2>\n\n\t\t\t\t\t<\/div>\n\t\t<!-- End Announcement Title -->\n\n\t\t<img width=\"290\" height=\"120\" src=\"https:\/\/www.torrestir.com\/acores\/wp-content\/uploads\/sites\/5\/2019\/07\/bedford2.png\" class=\"announcement-banner-image\" alt=\"1962: FUNDA\u00c7\u00c3O DO GRUPO TORRESTIR\" loading=\"lazy\" \/>\n\t\t<!-- Announcement Excerpt -->\n\t\t<div class=\"the-excerpt\">\n\t\t\t\t\t<\/div>\n\t\t<!-- End Announcement Excerpt -->\n\n\t\t\n\t<\/div>\n\t<!-- End Timeline Content -->\n\n<\/div>\n<!-- End Timeline Block -->\n\n<div class=\"cd-timeline-block mar\u00e7o 18 1987 announcement-1684\">\n\n\t\n\t\t<div class=\"cd-timeline-img cd-picture icon-no-readmore\" style=\"background:#003e2d;\">\n\n\t\t\t<!-- Custom Action Hook -->\n\t\t\t\n\t\t\t\t<!-- Standard Font Awesome Icon -->\n\t\t\t\t<span class=\"fa fa-road\" title=\"1987: IN\u00cdCIO TRANSPORTE INTERNACIONAL\"><\/span>\n\n\t\t\t\n\t\t<\/div> <!-- cd-timeline-img -->\n\n\t\n\t<!-- Timeline Content -->\n\t<div class=\"cd-timeline-content\">\n\n\t\t\n\t\t<!-- Announcement Title -->\n\t\t<div class=\"cd-timeline-title-container\">\n\n\t\t\t\n\t\t\t<h2 class=\"cd-timeline-item-title\">\n\t\t\t\t1987: IN\u00cdCIO TRANSPORTE INTERNACIONAL\t\t\t<\/h2>\n\n\t\t\t\t\t<\/div>\n\t\t<!-- End Announcement Title -->\n\n\t\t<img width=\"350\" height=\"120\" src=\"https:\/\/www.torrestir.com\/acores\/wp-content\/uploads\/sites\/5\/2019\/03\/Historia-Torrestir-1987-350x120.png\" class=\"announcement-banner-image\" alt=\"1987: IN\u00cdCIO TRANSPORTE INTERNACIONAL\" loading=\"lazy\" \/>\n\t\t<!-- Announcement Excerpt -->\n\t\t<div class=\"the-excerpt\">\n\t\t\t\t\t<\/div>\n\t\t<!-- End Announcement Excerpt -->\n\n\t\t\n\t<\/div>\n\t<!-- End Timeline Content -->\n\n<\/div>\n<!-- End Timeline Block -->\n\n<div class=\"cd-timeline-block mar\u00e7o 14 2001 announcement-1689\">\n\n\t\n\t\t<div class=\"cd-timeline-img cd-picture icon-no-readmore\" style=\"background:#003e2d;\">\n\n\t\t\t<!-- Custom Action Hook -->\n\t\t\t\n\t\t\t\t<!-- Standard Font Awesome Icon -->\n\t\t\t\t<span class=\"fa fa-check\" title=\"2001: CERTIFICA\u00c7\u00c3O ISO 9001:2000\"><\/span>\n\n\t\t\t\n\t\t<\/div> <!-- cd-timeline-img -->\n\n\t\n\t<!-- Timeline Content -->\n\t<div class=\"cd-timeline-content\">\n\n\t\t\n\t\t<!-- Announcement Title -->\n\t\t<div class=\"cd-timeline-title-container\">\n\n\t\t\t\n\t\t\t<h2 class=\"cd-timeline-item-title\">\n\t\t\t\t2001: CERTIFICA\u00c7\u00c3O ISO 9001:2000\t\t\t<\/h2>\n\n\t\t\t\t\t<\/div>\n\t\t<!-- End Announcement Title -->\n\n\t\t<img width=\"350\" height=\"120\" src=\"https:\/\/www.torrestir.com\/acores\/wp-content\/uploads\/sites\/5\/2019\/03\/Historia-Torrestir-2001-B-350x120.png\" class=\"announcement-banner-image\" alt=\"2001: CERTIFICA\u00c7\u00c3O ISO 9001:2000\" loading=\"lazy\" \/>\n\t\t<!-- Announcement Excerpt -->\n\t\t<div class=\"the-excerpt\">\n\t\t\t\t\t<\/div>\n\t\t<!-- End Announcement Excerpt -->\n\n\t\t\n\t<\/div>\n\t<!-- End Timeline Content -->\n\n<\/div>\n<!-- End Timeline Block -->\n\n<div class=\"cd-timeline-block setembro 19 2001 announcement-1686\">\n\n\t\n\t\t<div class=\"cd-timeline-img cd-picture icon-no-readmore\" style=\"background:#003e2d;\">\n\n\t\t\t<!-- Custom Action Hook -->\n\t\t\t\n\t\t\t\t<!-- Standard Font Awesome Icon -->\n\t\t\t\t<span class=\"fa fa-building\" title=\"2001: CRIA\u00c7\u00c3O DA TORRESLOG\"><\/span>\n\n\t\t\t\n\t\t<\/div> <!-- cd-timeline-img -->\n\n\t\n\t<!-- Timeline Content -->\n\t<div class=\"cd-timeline-content\">\n\n\t\t\n\t\t<!-- Announcement Title -->\n\t\t<div class=\"cd-timeline-title-container\">\n\n\t\t\t\n\t\t\t<h2 class=\"cd-timeline-item-title\">\n\t\t\t\t2001: CRIA\u00c7\u00c3O DA TORRESLOG\t\t\t<\/h2>\n\n\t\t\t\t\t<\/div>\n\t\t<!-- End Announcement Title -->\n\n\t\t<img width=\"350\" height=\"120\" src=\"https:\/\/www.torrestir.com\/acores\/wp-content\/uploads\/sites\/5\/2019\/03\/Historia-Torrestir-2001-350x120.png\" class=\"announcement-banner-image\" alt=\"2001: CRIA\u00c7\u00c3O DA TORRESLOG\" loading=\"lazy\" \/>\n\t\t<!-- Announcement Excerpt -->\n\t\t<div class=\"the-excerpt\">\n\t\t\t\t\t<\/div>\n\t\t<!-- End Announcement Excerpt -->\n\n\t\t\n\t<\/div>\n\t<!-- End Timeline Content -->\n\n<\/div>\n<!-- End Timeline Block -->\n\n<div class=\"cd-timeline-block mar\u00e7o 19 2003 announcement-1691\">\n\n\t\n\t\t<div class=\"cd-timeline-img cd-picture icon-no-readmore\" style=\"background:#003e2d;\">\n\n\t\t\t<!-- Custom Action Hook -->\n\t\t\t\n\t\t\t\t<!-- Standard Font Awesome Icon -->\n\t\t\t\t<span class=\"fa fa-fighter-jet\" title=\"2003: IN\u00cdCIO TORRESTIR TRANSIT\u00c1RIOS\"><\/span>\n\n\t\t\t\n\t\t<\/div> <!-- cd-timeline-img -->\n\n\t\n\t<!-- Timeline Content -->\n\t<div class=\"cd-timeline-content\">\n\n\t\t\n\t\t<!-- Announcement Title -->\n\t\t<div class=\"cd-timeline-title-container\">\n\n\t\t\t\n\t\t\t<h2 class=\"cd-timeline-item-title\">\n\t\t\t\t2003: IN\u00cdCIO TORRESTIR TRANSIT\u00c1RIOS\t\t\t<\/h2>\n\n\t\t\t\t\t<\/div>\n\t\t<!-- End Announcement Title -->\n\n\t\t<img width=\"350\" height=\"120\" src=\"https:\/\/www.torrestir.com\/acores\/wp-content\/uploads\/sites\/5\/2019\/03\/Historia-Torrestir-2003-350x120.png\" class=\"announcement-banner-image\" alt=\"2003: IN\u00cdCIO TORRESTIR TRANSIT\u00c1RIOS\" loading=\"lazy\" \/>\n\t\t<!-- Announcement Excerpt -->\n\t\t<div class=\"the-excerpt\">\n\t\t\t\t\t<\/div>\n\t\t<!-- End Announcement Excerpt -->\n\n\t\t\n\t<\/div>\n\t<!-- End Timeline Content -->\n\n<\/div>\n<!-- End Timeline Block -->\n\n<div class=\"cd-timeline-block mar\u00e7o 31 2004 announcement-1693\">\n\n\t\n\t\t<div class=\"cd-timeline-img cd-picture icon-no-readmore\" style=\"background:#003e2d;\">\n\n\t\t\t<!-- Custom Action Hook -->\n\t\t\t\n\t\t\t\t<!-- Standard Font Awesome Icon -->\n\t\t\t\t<span class=\"fa fa-home\" title=\"2004: INAUGURA\u00c7\u00c3O PLATAFORMA MAIA\"><\/span>\n\n\t\t\t\n\t\t<\/div> <!-- cd-timeline-img -->\n\n\t\n\t<!-- Timeline Content -->\n\t<div class=\"cd-timeline-content\">\n\n\t\t\n\t\t<!-- Announcement Title -->\n\t\t<div class=\"cd-timeline-title-container\">\n\n\t\t\t\n\t\t\t<h2 class=\"cd-timeline-item-title\">\n\t\t\t\t2004: INAUGURA\u00c7\u00c3O PLATAFORMA MAIA\t\t\t<\/h2>\n\n\t\t\t\t\t<\/div>\n\t\t<!-- End Announcement Title -->\n\n\t\t<img width=\"350\" height=\"120\" src=\"https:\/\/www.torrestir.com\/acores\/wp-content\/uploads\/sites\/5\/2019\/03\/Historia-Torrestir-2004-350x120.png\" class=\"announcement-banner-image\" alt=\"2004: INAUGURA\u00c7\u00c3O PLATAFORMA MAIA\" loading=\"lazy\" \/>\n\t\t<!-- Announcement Excerpt -->\n\t\t<div class=\"the-excerpt\">\n\t\t\t\t\t<\/div>\n\t\t<!-- End Announcement Excerpt -->\n\n\t\t\n\t<\/div>\n\t<!-- End Timeline Content -->\n\n<\/div>\n<!-- End Timeline Block -->\n\n<div class=\"cd-timeline-block agosto 20 2008 announcement-1695\">\n\n\t\n\t\t<div class=\"cd-timeline-img cd-picture icon-no-readmore\" style=\"background:#003e2d;\">\n\n\t\t\t<!-- Custom Action Hook -->\n\t\t\t\n\t\t\t\t<!-- Standard Font Awesome Icon -->\n\t\t\t\t<span class=\"fa fa-home\" title=\"2008: INAUGURA\u00c7\u00c3O PLATAFORMA LISBOA\"><\/span>\n\n\t\t\t\n\t\t<\/div> <!-- cd-timeline-img -->\n\n\t\n\t<!-- Timeline Content -->\n\t<div class=\"cd-timeline-content\">\n\n\t\t\n\t\t<!-- Announcement Title -->\n\t\t<div class=\"cd-timeline-title-container\">\n\n\t\t\t\n\t\t\t<h2 class=\"cd-timeline-item-title\">\n\t\t\t\t2008: INAUGURA\u00c7\u00c3O PLATAFORMA LISBOA\t\t\t<\/h2>\n\n\t\t\t\t\t<\/div>\n\t\t<!-- End Announcement Title -->\n\n\t\t<img width=\"350\" height=\"120\" src=\"https:\/\/www.torrestir.com\/acores\/wp-content\/uploads\/sites\/5\/2019\/03\/Historia-Torrestir-2008-350x120.png\" class=\"announcement-banner-image\" alt=\"2008: INAUGURA\u00c7\u00c3O PLATAFORMA LISBOA\" loading=\"lazy\" \/>\n\t\t<!-- Announcement Excerpt -->\n\t\t<div class=\"the-excerpt\">\n\t\t\t\t\t<\/div>\n\t\t<!-- End Announcement Excerpt -->\n\n\t\t\n\t<\/div>\n\t<!-- End Timeline Content -->\n\n<\/div>\n<!-- End Timeline Block -->\n\n<div class=\"cd-timeline-block agosto 24 2010 announcement-1697\">\n\n\t\n\t\t<div class=\"cd-timeline-img cd-picture icon-no-readmore\" style=\"background:#003e2d;\">\n\n\t\t\t<!-- Custom Action Hook -->\n\t\t\t\n\t\t\t\t<!-- Standard Font Awesome Icon -->\n\t\t\t\t<span class=\"fa fa-building\" title=\"2010: ABERTURA 4 CENTROS LOG\u00cdSTICOS\"><\/span>\n\n\t\t\t\n\t\t<\/div> <!-- cd-timeline-img -->\n\n\t\n\t<!-- Timeline Content -->\n\t<div class=\"cd-timeline-content\">\n\n\t\t\n\t\t<!-- Announcement Title -->\n\t\t<div class=\"cd-timeline-title-container\">\n\n\t\t\t\n\t\t\t<h2 class=\"cd-timeline-item-title\">\n\t\t\t\t2010: ABERTURA 4 CENTROS LOG\u00cdSTICOS\t\t\t<\/h2>\n\n\t\t\t\t\t<\/div>\n\t\t<!-- End Announcement Title -->\n\n\t\t<img width=\"350\" height=\"120\" src=\"https:\/\/www.torrestir.com\/acores\/wp-content\/uploads\/sites\/5\/2019\/03\/Historia-Torrestir-2010-350x120.png\" class=\"announcement-banner-image\" alt=\"2010: ABERTURA 4 CENTROS LOG\u00cdSTICOS\" loading=\"lazy\" \/>\n\t\t<!-- Announcement Excerpt -->\n\t\t<div class=\"the-excerpt\">\n\t\t\t\t\t<\/div>\n\t\t<!-- End Announcement Excerpt -->\n\n\t\t\n\t<\/div>\n\t<!-- End Timeline Content -->\n\n<\/div>\n<!-- End Timeline Block -->\n\n<div class=\"cd-timeline-block julho 10 2012 announcement-1699\">\n\n\t\n\t\t<div class=\"cd-timeline-img cd-picture icon-no-readmore\" style=\"background:#003e2d;\">\n\n\t\t\t<!-- Custom Action Hook -->\n\t\t\t\n\t\t\t\t<!-- Standard Font Awesome Icon -->\n\t\t\t\t<span class=\"fa fa-cubes\" title=\"2012: FUNDA\u00c7\u00c3O DA CONTENTORRES\"><\/span>\n\n\t\t\t\n\t\t<\/div> <!-- cd-timeline-img -->\n\n\t\n\t<!-- Timeline Content -->\n\t<div class=\"cd-timeline-content\">\n\n\t\t\n\t\t<!-- Announcement Title -->\n\t\t<div class=\"cd-timeline-title-container\">\n\n\t\t\t\n\t\t\t<h2 class=\"cd-timeline-item-title\">\n\t\t\t\t2012: FUNDA\u00c7\u00c3O DA CONTENTORRES\t\t\t<\/h2>\n\n\t\t\t\t\t<\/div>\n\t\t<!-- End Announcement Title -->\n\n\t\t<img width=\"350\" height=\"120\" src=\"https:\/\/www.torrestir.com\/acores\/wp-content\/uploads\/sites\/5\/2019\/03\/Historia-Torrestir-2012-350x120.png\" class=\"announcement-banner-image\" alt=\"2012: FUNDA\u00c7\u00c3O DA CONTENTORRES\" loading=\"lazy\" \/>\n\t\t<!-- Announcement Excerpt -->\n\t\t<div class=\"the-excerpt\">\n\t\t\t\t\t<\/div>\n\t\t<!-- End Announcement Excerpt -->\n\n\t\t\n\t<\/div>\n\t<!-- End Timeline Content -->\n\n<\/div>\n<!-- End Timeline Block -->\n\n<div class=\"cd-timeline-block junho 14 2017 announcement-5032\">\n\n\t\n\t\t<div class=\"cd-timeline-img cd-picture icon-no-readmore\" style=\"background:#003e2d;\">\n\n\t\t\t<!-- Custom Action Hook -->\n\t\t\t\n\t\t\t\t<!-- Standard Font Awesome Icon -->\n\t\t\t\t<span class=\"fa fa-building\" title=\"2017: CRIA\u00c7\u00c3O DA TORRESADUANA\"><\/span>\n\n\t\t\t\n\t\t<\/div> <!-- cd-timeline-img -->\n\n\t\n\t<!-- Timeline Content -->\n\t<div class=\"cd-timeline-content\">\n\n\t\t\n\t\t<!-- Announcement Title -->\n\t\t<div class=\"cd-timeline-title-container\">\n\n\t\t\t\n\t\t\t<h2 class=\"cd-timeline-item-title\">\n\t\t\t\t2017: CRIA\u00c7\u00c3O DA TORRESADUANA\t\t\t<\/h2>\n\n\t\t\t\t\t<\/div>\n\t\t<!-- End Announcement Title -->\n\n\t\t<img width=\"350\" height=\"120\" src=\"https:\/\/www.torrestir.com\/acores\/wp-content\/uploads\/sites\/5\/2022\/02\/2017torresaduana.png\" class=\"announcement-banner-image\" alt=\"2017: CRIA\u00c7\u00c3O DA TORRESADUANA\" loading=\"lazy\" \/>\n\t\t<!-- Announcement Excerpt -->\n\t\t<div class=\"the-excerpt\">\n\t\t\t\t\t<\/div>\n\t\t<!-- End Announcement Excerpt -->\n\n\t\t\n\t<\/div>\n\t<!-- End Timeline Content -->\n\n<\/div>\n<!-- End Timeline Block -->\n\n<div class=\"cd-timeline-block abril 04 2018 announcement-1787\">\n\n\t\n\t\t<div class=\"cd-timeline-img cd-picture icon-no-readmore\" style=\"background:#003e2d;\">\n\n\t\t\t<!-- Custom Action Hook -->\n\t\t\t\n\t\t\t\t<!-- Standard Font Awesome Icon -->\n\t\t\t\t<span class=\"fa fa-home\" title=\"2018: INAUGURA\u00c7\u00c3O PLATAFORMA SILVES\"><\/span>\n\n\t\t\t\n\t\t<\/div> <!-- cd-timeline-img -->\n\n\t\n\t<!-- Timeline Content -->\n\t<div class=\"cd-timeline-content\">\n\n\t\t\n\t\t<!-- Announcement Title -->\n\t\t<div class=\"cd-timeline-title-container\">\n\n\t\t\t\n\t\t\t<h2 class=\"cd-timeline-item-title\">\n\t\t\t\t2018: INAUGURA\u00c7\u00c3O PLATAFORMA SILVES\t\t\t<\/h2>\n\n\t\t\t\t\t<\/div>\n\t\t<!-- End Announcement Title -->\n\n\t\t<img width=\"350\" height=\"120\" src=\"https:\/\/www.torrestir.com\/acores\/wp-content\/uploads\/sites\/5\/2019\/06\/Torrestir-Silves-350x120.png\" class=\"announcement-banner-image\" alt=\"2018: INAUGURA\u00c7\u00c3O PLATAFORMA SILVES\" loading=\"lazy\" \/>\n\t\t<!-- Announcement Excerpt -->\n\t\t<div class=\"the-excerpt\">\n\t\t\t\t\t<\/div>\n\t\t<!-- End Announcement Excerpt -->\n\n\t\t\n\t<\/div>\n\t<!-- End Timeline Content -->\n\n<\/div>\n<!-- End Timeline Block -->\n\n<div class=\"cd-timeline-block novembro 04 2018 announcement-1790\">\n\n\t\n\t\t<div class=\"cd-timeline-img cd-picture icon-no-readmore\" style=\"background:#003e2d;\">\n\n\t\t\t<!-- Custom Action Hook -->\n\t\t\t\n\t\t\t\t<!-- Standard Font Awesome Icon -->\n\t\t\t\t<span class=\"fa fa-home\" title=\"2018: INAUGURA\u00c7\u00c3O PLATAFORMA MATOSINHOS\"><\/span>\n\n\t\t\t\n\t\t<\/div> <!-- cd-timeline-img -->\n\n\t\n\t<!-- Timeline Content -->\n\t<div class=\"cd-timeline-content\">\n\n\t\t\n\t\t<!-- Announcement Title -->\n\t\t<div class=\"cd-timeline-title-container\">\n\n\t\t\t\n\t\t\t<h2 class=\"cd-timeline-item-title\">\n\t\t\t\t2018: INAUGURA\u00c7\u00c3O PLATAFORMA MATOSINHOS\t\t\t<\/h2>\n\n\t\t\t\t\t<\/div>\n\t\t<!-- End Announcement Title -->\n\n\t\t<img width=\"350\" height=\"120\" src=\"https:\/\/www.torrestir.com\/acores\/wp-content\/uploads\/sites\/5\/2019\/06\/TORRESTIR-MATOSINHOS-350x120.png\" class=\"announcement-banner-image\" alt=\"2018: INAUGURA\u00c7\u00c3O PLATAFORMA MATOSINHOS\" loading=\"lazy\" \/>\n\t\t<!-- Announcement Excerpt -->\n\t\t<div class=\"the-excerpt\">\n\t\t\t\t\t<\/div>\n\t\t<!-- End Announcement Excerpt -->\n\n\t\t\n\t<\/div>\n\t<!-- End Timeline Content -->\n\n<\/div>\n<!-- End Timeline Block -->\n\n<div class=\"cd-timeline-block setembro 13 2019 announcement-4178\">\n\n\t\n\t\t<div class=\"cd-timeline-img cd-picture icon-no-readmore\" style=\"background:#003e2d;\">\n\n\t\t\t<!-- Custom Action Hook -->\n\t\t\t\n\t\t\t\t<!-- Standard Font Awesome Icon -->\n\t\t\t\t<span class=\"fa fa-home\" title=\"2019: INAUGURA\u00c7\u00c3O PLATAFORMA MADEIRA\"><\/span>\n\n\t\t\t\n\t\t<\/div> <!-- cd-timeline-img -->\n\n\t\n\t<!-- Timeline Content -->\n\t<div class=\"cd-timeline-content\">\n\n\t\t\n\t\t<!-- Announcement Title -->\n\t\t<div class=\"cd-timeline-title-container\">\n\n\t\t\t\n\t\t\t<h2 class=\"cd-timeline-item-title\">\n\t\t\t\t2019: INAUGURA\u00c7\u00c3O PLATAFORMA MADEIRA\t\t\t<\/h2>\n\n\t\t\t\t\t<\/div>\n\t\t<!-- End Announcement Title -->\n\n\t\t<img width=\"350\" height=\"120\" src=\"https:\/\/www.torrestir.com\/acores\/wp-content\/uploads\/sites\/5\/2020\/01\/madeira_hist-350x120.jpg\" class=\"announcement-banner-image\" alt=\"2019: INAUGURA\u00c7\u00c3O PLATAFORMA MADEIRA\" loading=\"lazy\" \/>\n\t\t<!-- Announcement Excerpt -->\n\t\t<div class=\"the-excerpt\">\n\t\t\t\t\t<\/div>\n\t\t<!-- End Announcement Excerpt -->\n\n\t\t\n\t<\/div>\n\t<!-- End Timeline Content -->\n\n<\/div>\n<!-- End Timeline Block -->\n\n<div class=\"cd-timeline-block maio 06 2021 announcement-5035\">\n\n\t\n\t\t<div class=\"cd-timeline-img cd-picture icon-no-readmore\" style=\"background:#003e2d;\">\n\n\t\t\t<!-- Custom Action Hook -->\n\t\t\t\n\t\t\t\t<!-- Standard Font Awesome Icon -->\n\t\t\t\t<span class=\"fa fa-home\" title=\"2021: Inaugura\u00e7\u00e3o da plataforma de Palmela\"><\/span>\n\n\t\t\t\n\t\t<\/div> <!-- cd-timeline-img -->\n\n\t\n\t<!-- Timeline Content -->\n\t<div class=\"cd-timeline-content\">\n\n\t\t\n\t\t<!-- Announcement Title -->\n\t\t<div class=\"cd-timeline-title-container\">\n\n\t\t\t\n\t\t\t<h2 class=\"cd-timeline-item-title\">\n\t\t\t\t2021: Inaugura\u00e7\u00e3o da plataforma de Palmela\t\t\t<\/h2>\n\n\t\t\t\t\t<\/div>\n\t\t<!-- End Announcement Title -->\n\n\t\t<img width=\"350\" height=\"120\" src=\"https:\/\/www.torrestir.com\/acores\/wp-content\/uploads\/sites\/5\/2022\/02\/2021inauguracaoPalmela.png\" class=\"announcement-banner-image\" alt=\"2021: Inaugura\u00e7\u00e3o da plataforma de Palmela\" loading=\"lazy\" \/>\n\t\t<!-- Announcement Excerpt -->\n\t\t<div class=\"the-excerpt\">\n\t\t\t\t\t<\/div>\n\t\t<!-- End Announcement Excerpt -->\n\n\t\t\n\t<\/div>\n\t<!-- End Timeline Content -->\n\n<\/div>\n<!-- End Timeline Block -->\n\n<div class=\"cd-timeline-block fevereiro 22 2022 announcement-5037\">\n\n\t\n\t\t<div class=\"cd-timeline-img cd-picture icon-no-readmore\" style=\"background:#003e2d;\">\n\n\t\t\t<!-- Custom Action Hook -->\n\t\t\t\n\t\t\t\t<!-- Standard Font Awesome Icon -->\n\t\t\t\t<span class=\"fa fa-home\" title=\"2021: INAUGURA\u00c7\u00c3O DO NOVO ARMAZ\u00c9M TORRESPHARMA\"><\/span>\n\n\t\t\t\n\t\t<\/div> <!-- cd-timeline-img -->\n\n\t\n\t<!-- Timeline Content -->\n\t<div class=\"cd-timeline-content\">\n\n\t\t\n\t\t<!-- Announcement Title -->\n\t\t<div class=\"cd-timeline-title-container\">\n\n\t\t\t\n\t\t\t<h2 class=\"cd-timeline-item-title\">\n\t\t\t\t2021: INAUGURA\u00c7\u00c3O DO NOVO ARMAZ\u00c9M TORRESPHARMA\t\t\t<\/h2>\n\n\t\t\t\t\t<\/div>\n\t\t<!-- End Announcement Title -->\n\n\t\t<img width=\"350\" height=\"120\" src=\"https:\/\/www.torrestir.com\/acores\/wp-content\/uploads\/sites\/5\/2022\/02\/4.-2021-Torrespharma.png\" class=\"announcement-banner-image\" alt=\"2021: INAUGURA\u00c7\u00c3O DO NOVO ARMAZ\u00c9M TORRESPHARMA\" loading=\"lazy\" \/>\n\t\t<!-- Announcement Excerpt -->\n\t\t<div class=\"the-excerpt\">\n\t\t\t\t\t<\/div>\n\t\t<!-- End Announcement Excerpt -->\n\n\t\t\n\t<\/div>\n\t<!-- End Timeline Content -->\n\n<\/div>\n<!-- End Timeline Block -->\n\n\t\t\t<\/section>\n\n\t\t\t<!-- Timeline Express Free v1.8.1 | Site: https:\/\/www.wp-timelineexpress.com | Author: CodeParrots - http:\/\/www.codeparrots.com -->[\/vc_column_text][\/vc_column][\/vc_row]<\/p>\n<\/section>","protected":false},"excerpt":{"rendered":"<p>[vc_row][vc_column][vc_single_image image=&#8221;1676&#8243; img_size=&#8221;full&#8221;][vc_column_text]&lt;h2&gt;Desde 1962, rumo a novos desafios!&lt;\/h2&gt; Fundada em 1962, a Torrestir sofreu diversas reestrutura\u00e7\u00f5es para uma constante adequa\u00e7\u00e3o \u00e0s exig\u00eancias do mercado, operando, hoje, em todo o mundo. Com os olhos postos no futuro, e nunca esquecendo a experi\u00eancia do passado, Fernando Torres deu continuidade ao legado da fam\u00edlia, transformando a empresa Torres &amp;amp; Companhia, fundada pelo seu pai, numa empresa sem fronteiras e sem limites. Atrav\u00e9s de recursos humanos especializados, a Torrestir tem vindo a consolidar a sua lideran\u00e7a no mercado nacional, promovendo um futuro em constante inova\u00e7\u00e3o. &amp;nbsp; &lt;h2&gt;Conhe\u00e7a o nosso percurso&lt;\/h2&gt; [\/vc_column_text][\/vc_column][\/vc_row]<\/p>\n","protected":false},"author":4,"featured_media":0,"parent":0,"menu_order":0,"comment_status":"closed","ping_status":"closed","template":"","meta":{"_uag_custom_page_level_css":""},"yoast_head":"<!-- This site is optimized with the Yoast SEO plugin v21.1 - https:\/\/yoast.com\/wordpress\/plugins\/seo\/ -->\n<title>Sobre N\u00f3s - Torrestir A\u00e7ores<\/title>\n<meta name=\"robots\" content=\"index, follow, max-snippet:-1, max-image-preview:large, max-video-preview:-1\" \/>\n<link rel=\"canonical\" href=\"https:\/\/www.torrestir.com\/acores\/sobre-nos\/\" \/>\n<meta property=\"og:locale\" content=\"pt_PT\" \/>\n<meta property=\"og:type\" content=\"article\" \/>\n<meta property=\"og:title\" content=\"Sobre N\u00f3s - Torrestir A\u00e7ores\" \/>\n<meta property=\"og:description\" content=\"[vc_row][vc_column][vc_single_image image=&#8221;1676&#8243; img_size=&#8221;full&#8221;][vc_column_text]&lt;h2&gt;Desde 1962, rumo a novos desafios!&lt;\/h2&gt; Fundada em 1962, a Torrestir sofreu diversas reestrutura\u00e7\u00f5es para uma constante adequa\u00e7\u00e3o \u00e0s exig\u00eancias do mercado, operando, hoje, em todo o mundo. Com os olhos postos no futuro, e nunca esquecendo a experi\u00eancia do passado, Fernando Torres deu continuidade ao legado da fam\u00edlia, transformando a empresa Torres &amp;amp; Companhia, fundada pelo seu pai, numa empresa sem fronteiras e sem limites. Atrav\u00e9s de recursos humanos especializados, a Torrestir tem vindo a consolidar a sua lideran\u00e7a no mercado nacional, promovendo um futuro em constante inova\u00e7\u00e3o. &amp;nbsp; &lt;h2&gt;Conhe\u00e7a o nosso percurso&lt;\/h2&gt; [\/vc_column_text][\/vc_column][\/vc_row]\" \/>\n<meta property=\"og:url\" content=\"https:\/\/www.torrestir.com\/acores\/sobre-nos\/\" \/>\n<meta property=\"og:site_name\" content=\"Torrestir A\u00e7ores\" \/>\n<meta name=\"twitter:card\" content=\"summary_large_image\" \/>\n<meta name=\"twitter:label1\" content=\"Tempo estimado de leitura\" \/>\n\t<meta name=\"twitter:data1\" content=\"1 minuto\" \/>\n<script type=\"application\/ld+json\" class=\"yoast-schema-graph\">{\"@context\":\"https:\/\/schema.org\",\"@graph\":[{\"@type\":\"WebPage\",\"@id\":\"https:\/\/www.torrestir.com\/acores\/sobre-nos\/\",\"url\":\"https:\/\/www.torrestir.com\/acores\/sobre-nos\/\",\"name\":\"Sobre N\u00f3s - Torrestir A\u00e7ores\",\"isPartOf\":{\"@id\":\"https:\/\/www.torrestir.com\/acores\/#website\"},\"datePublished\":\"2023-04-27T10:27:28+00:00\",\"dateModified\":\"2023-04-27T10:27:28+00:00\",\"breadcrumb\":{\"@id\":\"https:\/\/www.torrestir.com\/acores\/sobre-nos\/#breadcrumb\"},\"inLanguage\":\"pt-PT\",\"potentialAction\":[{\"@type\":\"ReadAction\",\"target\":[\"https:\/\/www.torrestir.com\/acores\/sobre-nos\/\"]}]},{\"@type\":\"BreadcrumbList\",\"@id\":\"https:\/\/www.torrestir.com\/acores\/sobre-nos\/#breadcrumb\",\"itemListElement\":[{\"@type\":\"ListItem\",\"position\":1,\"name\":\"In\u00edcio\",\"item\":\"https:\/\/www.torrestir.com\/acores\/\"},{\"@type\":\"ListItem\",\"position\":2,\"name\":\"Sobre N\u00f3s\"}]},{\"@type\":\"WebSite\",\"@id\":\"https:\/\/www.torrestir.com\/acores\/#website\",\"url\":\"https:\/\/www.torrestir.com\/acores\/\",\"name\":\"Torrestir A\u00e7ores\",\"description\":\"Sem limites\",\"potentialAction\":[{\"@type\":\"SearchAction\",\"target\":{\"@type\":\"EntryPoint\",\"urlTemplate\":\"https:\/\/www.torrestir.com\/acores\/?s={search_term_string}\"},\"query-input\":\"required name=search_term_string\"}],\"inLanguage\":\"pt-PT\"}]}<\/script>\n<!-- \/ Yoast SEO plugin. -->","yoast_head_json":{"title":"Sobre N\u00f3s - Torrestir A\u00e7ores","robots":{"index":"index","follow":"follow","max-snippet":"max-snippet:-1","max-image-preview":"max-image-preview:large","max-video-preview":"max-video-preview:-1"},"canonical":"https:\/\/www.torrestir.com\/acores\/sobre-nos\/","og_locale":"pt_PT","og_type":"article","og_title":"Sobre N\u00f3s - Torrestir A\u00e7ores","og_description":"[vc_row][vc_column][vc_single_image image=&#8221;1676&#8243; img_size=&#8221;full&#8221;][vc_column_text]&lt;h2&gt;Desde 1962, rumo a novos desafios!&lt;\/h2&gt; Fundada em 1962, a Torrestir sofreu diversas reestrutura\u00e7\u00f5es para uma constante adequa\u00e7\u00e3o \u00e0s exig\u00eancias do mercado, operando, hoje, em todo o mundo. Com os olhos postos no futuro, e nunca esquecendo a experi\u00eancia do passado, Fernando Torres deu continuidade ao legado da fam\u00edlia, transformando a empresa Torres &amp;amp; Companhia, fundada pelo seu pai, numa empresa sem fronteiras e sem limites. Atrav\u00e9s de recursos humanos especializados, a Torrestir tem vindo a consolidar a sua lideran\u00e7a no mercado nacional, promovendo um futuro em constante inova\u00e7\u00e3o. &amp;nbsp; &lt;h2&gt;Conhe\u00e7a o nosso percurso&lt;\/h2&gt; [\/vc_column_text][\/vc_column][\/vc_row]","og_url":"https:\/\/www.torrestir.com\/acores\/sobre-nos\/","og_site_name":"Torrestir A\u00e7ores","twitter_card":"summary_large_image","twitter_misc":{"Tempo estimado de leitura":"1 minuto"},"schema":{"@context":"https:\/\/schema.org","@graph":[{"@type":"WebPage","@id":"https:\/\/www.torrestir.com\/acores\/sobre-nos\/","url":"https:\/\/www.torrestir.com\/acores\/sobre-nos\/","name":"Sobre N\u00f3s - Torrestir A\u00e7ores","isPartOf":{"@id":"https:\/\/www.torrestir.com\/acores\/#website"},"datePublished":"2023-04-27T10:27:28+00:00","dateModified":"2023-04-27T10:27:28+00:00","breadcrumb":{"@id":"https:\/\/www.torrestir.com\/acores\/sobre-nos\/#breadcrumb"},"inLanguage":"pt-PT","potentialAction":[{"@type":"ReadAction","target":["https:\/\/www.torrestir.com\/acores\/sobre-nos\/"]}]},{"@type":"BreadcrumbList","@id":"https:\/\/www.torrestir.com\/acores\/sobre-nos\/#breadcrumb","itemListElement":[{"@type":"ListItem","position":1,"name":"In\u00edcio","item":"https:\/\/www.torrestir.com\/acores\/"},{"@type":"ListItem","position":2,"name":"Sobre N\u00f3s"}]},{"@type":"WebSite","@id":"https:\/\/www.torrestir.com\/acores\/#website","url":"https:\/\/www.torrestir.com\/acores\/","name":"Torrestir A\u00e7ores","description":"Sem limites","potentialAction":[{"@type":"SearchAction","target":{"@type":"EntryPoint","urlTemplate":"https:\/\/www.torrestir.com\/acores\/?s={search_term_string}"},"query-input":"required name=search_term_string"}],"inLanguage":"pt-PT"}]}},"uagb_featured_image_src":{"full":false,"thumbnail":false,"medium":false,"medium_large":false,"large":false,"timeline-express":false,"timeline-express-thumbnail":false,"1536x1536":false,"2048x2048":false,"transcargo-image-255x170-croped":false,"transcargo-image-270x330-croped":false,"transcargo_image-600x377-croped":false,"transcargo_image-350x230-croped":false,"transcargo_image-130x130-croped":false,"transcargo_image-40x40-croped":false,"transcargo_image-1600x1024":false},"uagb_author_info":{"display_name":"","author_link":"https:\/\/www.torrestir.com\/acores\/author\/"},"uagb_comment_info":0,"uagb_excerpt":"[vc_row][vc_column][vc_single_image image=&#8221;1676&#8243; img_size=&#8221;full&#8221;][vc_column_text]&lt;h2&gt;Desde 1962, rumo a novos desafios!&lt;\/h2&gt; Fundada em 1962, a Torrestir sofreu diversas reestrutura\u00e7\u00f5es para uma constante adequa\u00e7\u00e3o \u00e0s exig\u00eancias do mercado, operando, hoje, em todo o mundo. Com os olhos postos no futuro, e nunca esquecendo a experi\u00eancia do passado, Fernando Torres deu continuidade ao legado da fam\u00edlia, transformando a empresa Torres&hellip;","_links":{"self":[{"href":"https:\/\/www.torrestir.com\/acores\/wp-json\/wp\/v2\/pages\/16"}],"collection":[{"href":"https:\/\/www.torrestir.com\/acores\/wp-json\/wp\/v2\/pages"}],"about":[{"href":"https:\/\/www.torrestir.com\/acores\/wp-json\/wp\/v2\/types\/page"}],"author":[{"embeddable":true,"href":"https:\/\/www.torrestir.com\/acores\/wp-json\/wp\/v2\/users\/4"}],"replies":[{"embeddable":true,"href":"https:\/\/www.torrestir.com\/acores\/wp-json\/wp\/v2\/comments?post=16"}],"version-history":[{"count":0,"href":"https:\/\/www.torrestir.com\/acores\/wp-json\/wp\/v2\/pages\/16\/revisions"}],"wp:attachment":[{"href":"https:\/\/www.torrestir.com\/acores\/wp-json\/wp\/v2\/media?parent=16"}],"curies":[{"name":"wp","href":"https:\/\/api.w.org\/{rel}","templated":true}]}}